{"id":2683,"date":"2025-05-16T07:16:35","date_gmt":"2025-05-16T05:16:35","guid":{"rendered":"https:\/\/fundacioncabreracanto.com\/fernando-cabrera\/"},"modified":"2025-10-13T20:29:24","modified_gmt":"2025-10-13T18:29:24","slug":"fernando-cabrera","status":"publish","type":"page","link":"https:\/\/fundacioncabreracanto.com\/val\/fernando-cabrera\/","title":{"rendered":"Fernando Cabrera"},"content":{"rendered":"\t\t<div data-elementor-type=\"wp-page\" data-elementor-id=\"2683\" class=\"elementor elementor-2683 elementor-465\" data-elementor-post-type=\"page\">\n\t\t\t\t<div class=\"elementor-element elementor-element-1192dad e-flex e-con-boxed e-con e-parent\" data-id=\"1192dad\" data-element_type=\"container\" data-settings=\"{&quot;background_background&quot;:&quot;classic&quot;}\">\n\t\t\t\t\t<div class=\"e-con-inner\">\n\t\t\t\t\t<\/div>\n\t\t\t\t<\/div>\n\t\t<div class=\"elementor-element elementor-element-44bff17 e-con-full e-flex e-con e-parent\" data-id=\"44bff17\" data-element_type=\"container\" data-settings=\"{&quot;background_background&quot;:&quot;slideshow&quot;,&quot;background_slideshow_gallery&quot;:[{&quot;id&quot;:2049,&quot;url&quot;:&quot;https:\\\/\\\/fundacioncabreracanto.com\\\/wp-content\\\/uploads\\\/2025\\\/07\\\/fernando-cabrera-canto-biografia.jpg&quot;}],&quot;background_slideshow_slide_duration&quot;:5000,&quot;background_slideshow_slide_transition&quot;:&quot;fade&quot;,&quot;background_slideshow_transition_duration&quot;:500}\">\n\t\t\t\t<div class=\"elementor-element elementor-element-a91df71 elementor-hidden-desktop elementor-widget elementor-widget-spacer\" data-id=\"a91df71\" data-element_type=\"widget\" data-widget_type=\"spacer.default\">\n\t\t\t\t<div class=\"elementor-widget-container\">\n\t\t\t\t\t\t\t<div class=\"elementor-spacer\">\n\t\t\t<div class=\"elementor-spacer-inner\"><\/div>\n\t\t<\/div>\n\t\t\t\t\t\t<\/div>\n\t\t\t\t<\/div>\n\t\t\t\t<div class=\"elementor-element elementor-element-a30ed3a elementor-invisible elementor-widget elementor-widget-heading\" data-id=\"a30ed3a\" data-element_type=\"widget\" data-settings=\"{&quot;_animation&quot;:&quot;fadeIn&quot;}\" data-widget_type=\"heading.default\">\n\t\t\t\t<div class=\"elementor-widget-container\">\n\t\t\t\t\t<h2 class=\"elementor-heading-title elementor-size-default\">Fernando Cabrera Cant\u00f3: una vida dedicada a l\u2019art, la cultura i la seua ciutat<\/h2>\t\t\t\t<\/div>\n\t\t\t\t<\/div>\n\t\t\t\t<\/div>\n\t\t\t\t<section class=\"elementor-section elementor-top-section elementor-element elementor-element-e2s09he elementor-section-full_width elementor-section-height-default elementor-section-height-default\" data-id=\"e2s09he\" data-element_type=\"section\" data-settings=\"{&quot;background_background&quot;:&quot;classic&quot;}\">\n\t\t\t\t\t\t<div class=\"elementor-container elementor-column-gap-no\">\n\t\t\t\t\t<div class=\"elementor-column elementor-col-100 elementor-top-column elementor-element elementor-element-daafe35\" data-id=\"daafe35\" data-element_type=\"column\" data-settings=\"{&quot;background_background&quot;:&quot;classic&quot;}\">\n\t\t\t<div class=\"elementor-widget-wrap elementor-element-populated\">\n\t\t\t\t\t\t<div class=\"elementor-element elementor-element-1a4c456 animated-slow elementor-widget-divider--view-line elementor-invisible elementor-widget elementor-widget-divider\" data-id=\"1a4c456\" data-element_type=\"widget\" data-settings=\"{&quot;_animation&quot;:&quot;fadeInDown&quot;}\" data-widget_type=\"divider.default\">\n\t\t\t\t<div class=\"elementor-widget-container\">\n\t\t\t\t\t\t\t<div class=\"elementor-divider\">\n\t\t\t<span class=\"elementor-divider-separator\">\n\t\t\t\t\t\t<\/span>\n\t\t<\/div>\n\t\t\t\t\t\t<\/div>\n\t\t\t\t<\/div>\n\t\t\t\t<section class=\"elementor-section elementor-inner-section elementor-element elementor-element-405f770 elementor-section-full_width elementor-section-height-default elementor-section-height-default\" data-id=\"405f770\" data-element_type=\"section\" data-settings=\"{&quot;background_background&quot;:&quot;classic&quot;}\">\n\t\t\t\t\t\t<div class=\"elementor-container elementor-column-gap-no\">\n\t\t\t\t\t<div class=\"elementor-column elementor-col-50 elementor-inner-column elementor-element elementor-element-e62dc89\" data-id=\"e62dc89\" data-element_type=\"column\">\n\t\t\t<div class=\"elementor-widget-wrap elementor-element-populated\">\n\t\t\t\t\t\t<div class=\"elementor-element elementor-element-f70804a elementor-invisible elementor-widget elementor-widget-heading\" data-id=\"f70804a\" data-element_type=\"widget\" data-settings=\"{&quot;_animation&quot;:&quot;fadeInLeft&quot;}\" data-widget_type=\"heading.default\">\n\t\t\t\t<div class=\"elementor-widget-container\">\n\t\t\t\t\t<h6 class=\"elementor-heading-title elementor-size-default\">Biografia<\/h6>\t\t\t\t<\/div>\n\t\t\t\t<\/div>\n\t\t\t\t<div class=\"elementor-element elementor-element-85b39d2 elementor-widget__width-initial elementor-invisible elementor-widget elementor-widget-image\" data-id=\"85b39d2\" data-element_type=\"widget\" data-settings=\"{&quot;_animation&quot;:&quot;fadeInLeft&quot;}\" data-widget_type=\"image.default\">\n\t\t\t\t<div class=\"elementor-widget-container\">\n\t\t\t\t\t\t\t\t\t\t\t\t\t\t\t<img fetchpriority=\"high\" decoding=\"async\" width=\"768\" height=\"1006\" src=\"https:\/\/fundacioncabreracanto.com\/wp-content\/uploads\/2025\/07\/Autoretrato_fernando-cabrera-canto-biografia-768x1006.jpg\" class=\"attachment-medium_large size-medium_large wp-image-2688\" alt=\"\" srcset=\"https:\/\/fundacioncabreracanto.com\/wp-content\/uploads\/2025\/07\/Autoretrato_fernando-cabrera-canto-biografia-768x1006.jpg 768w, https:\/\/fundacioncabreracanto.com\/wp-content\/uploads\/2025\/07\/Autoretrato_fernando-cabrera-canto-biografia-scaled-600x786.jpg 600w, https:\/\/fundacioncabreracanto.com\/wp-content\/uploads\/2025\/07\/Autoretrato_fernando-cabrera-canto-biografia-229x300.jpg 229w, https:\/\/fundacioncabreracanto.com\/wp-content\/uploads\/2025\/07\/Autoretrato_fernando-cabrera-canto-biografia-782x1024.jpg 782w, https:\/\/fundacioncabreracanto.com\/wp-content\/uploads\/2025\/07\/Autoretrato_fernando-cabrera-canto-biografia-1173x1536.jpg 1173w, https:\/\/fundacioncabreracanto.com\/wp-content\/uploads\/2025\/07\/Autoretrato_fernando-cabrera-canto-biografia-1563x2048.jpg 1563w, https:\/\/fundacioncabreracanto.com\/wp-content\/uploads\/2025\/07\/Autoretrato_fernando-cabrera-canto-biografia-scaled.jpg 1954w\" sizes=\"(max-width: 768px) 100vw, 768px\" \/>\t\t\t\t\t\t\t\t\t\t\t\t\t\t\t<\/div>\n\t\t\t\t<\/div>\n\t\t\t\t\t<\/div>\n\t\t<\/div>\n\t\t\t\t<div class=\"elementor-column elementor-col-50 elementor-inner-column elementor-element elementor-element-95bd47c\" data-id=\"95bd47c\" data-element_type=\"column\">\n\t\t\t<div class=\"elementor-widget-wrap elementor-element-populated\">\n\t\t\t\t\t\t<div class=\"elementor-element elementor-element-2914c07 elementor-hidden-tablet elementor-hidden-mobile elementor-widget elementor-widget-spacer\" data-id=\"2914c07\" data-element_type=\"widget\" data-widget_type=\"spacer.default\">\n\t\t\t\t<div class=\"elementor-widget-container\">\n\t\t\t\t\t\t\t<div class=\"elementor-spacer\">\n\t\t\t<div class=\"elementor-spacer-inner\"><\/div>\n\t\t<\/div>\n\t\t\t\t\t\t<\/div>\n\t\t\t\t<\/div>\n\t\t\t\t<div class=\"elementor-element elementor-element-c4d6dfe elementor-invisible elementor-widget elementor-widget-n-accordion\" data-id=\"c4d6dfe\" data-element_type=\"widget\" data-settings=\"{&quot;_animation&quot;:&quot;fadeInUp&quot;,&quot;default_state&quot;:&quot;expanded&quot;,&quot;max_items_expended&quot;:&quot;one&quot;,&quot;n_accordion_animation_duration&quot;:{&quot;unit&quot;:&quot;ms&quot;,&quot;size&quot;:400,&quot;sizes&quot;:[]}}\" data-widget_type=\"nested-accordion.default\">\n\t\t\t\t<div class=\"elementor-widget-container\">\n\t\t\t\t\t\t\t<div class=\"e-n-accordion\" aria-label=\"Accordion. Open links with Enter or Space, close with Escape, and navigate with Arrow Keys\">\n\t\t\t\t\t\t<details id=\"e-n-accordion-item-2060\" class=\"e-n-accordion-item\" open>\n\t\t\t\t<summary class=\"e-n-accordion-item-title\" data-accordion-index=\"1\" tabindex=\"0\" aria-expanded=\"true\" aria-controls=\"e-n-accordion-item-2060\" >\n\t\t\t\t\t<span class='e-n-accordion-item-title-header'><div class=\"e-n-accordion-item-title-text\"> Formaci\u00f3, estil i evoluci\u00f3 <\/div><\/span>\n\t\t\t\t\t\t\t<span class='e-n-accordion-item-title-icon'>\n\t\t\t<span class='e-opened' ><svg aria-hidden=\"true\" class=\"e-font-icon-svg e-fas-minus\" viewBox=\"0 0 448 512\" xmlns=\"http:\/\/www.w3.org\/2000\/svg\"><path d=\"M416 208H32c-17.67 0-32 14.33-32 32v32c0 17.67 14.33 32 32 32h384c17.67 0 32-14.33 32-32v-32c0-17.67-14.33-32-32-32z\"><\/path><\/svg><\/span>\n\t\t\t<span class='e-closed'><svg aria-hidden=\"true\" class=\"e-font-icon-svg e-fas-plus\" viewBox=\"0 0 448 512\" xmlns=\"http:\/\/www.w3.org\/2000\/svg\"><path d=\"M416 208H272V64c0-17.67-14.33-32-32-32h-32c-17.67 0-32 14.33-32 32v144H32c-17.67 0-32 14.33-32 32v32c0 17.67 14.33 32 32 32h144v144c0 17.67 14.33 32 32 32h32c17.67 0 32-14.33 32-32V304h144c17.67 0 32-14.33 32-32v-32c0-17.67-14.33-32-32-32z\"><\/path><\/svg><\/span>\n\t\t<\/span>\n\n\t\t\t\t\t\t<\/summary>\n\t\t\t\t<div role=\"region\" aria-labelledby=\"e-n-accordion-item-2060\" class=\"elementor-element elementor-element-41e1004 e-con-full e-flex e-con e-child\" data-id=\"41e1004\" data-element_type=\"container\">\n\t\t\t\t<div class=\"elementor-element elementor-element-6fd00e5 elementor-widget elementor-widget-text-editor\" data-id=\"6fd00e5\" data-element_type=\"widget\" data-widget_type=\"text-editor.default\">\n\t\t\t\t<div class=\"elementor-widget-container\">\n\t\t\t\t\t\t\t\t\t<p>Nascut a Alcoi en 1866. Pintor, dibuixant i aquarel\u00b7lista, figura clau de l\u2019escola pict\u00f2rica alcoiana entre els segles XIX i XX. <\/p><p>Format inicialment a l\u2019Escola de Sant Carles de Val\u00e8ncia, amb Lorenzo Casanova a Alcoi i a l\u2019Escola de San Fernando de Madrid amb Casto Plasencia, va ampliar els seus estudis a It\u00e0lia gr\u00e0cies a una beca de la Diputaci\u00f3 d\u2019Alacant concedida el 1891.<\/p><p>La seua obra italiana, amb domini del \u201csfumato\u201d i influ\u00efda per Fortuny, combina en el seu retorn el realisme acad\u00e8mic amb una sensibilitat social pr\u00f2pia de l\u2019\u00e8poca, fins a desembocar en una llibertat de pinzell que el convertix en el pintor luminista de la muntanya alcoiana.<\/p>\t\t\t\t\t\t\t\t<\/div>\n\t\t\t\t<\/div>\n\t\t\t\t<\/div>\n\t\t\t\t\t<\/details>\n\t\t\t\t\t\t<details id=\"e-n-accordion-item-2061\" class=\"e-n-accordion-item\" >\n\t\t\t\t<summary class=\"e-n-accordion-item-title\" data-accordion-index=\"2\" tabindex=\"-1\" aria-expanded=\"false\" aria-controls=\"e-n-accordion-item-2061\" >\n\t\t\t\t\t<span class='e-n-accordion-item-title-header'><div class=\"e-n-accordion-item-title-text\"> G\u00e8neres tractats <\/div><\/span>\n\t\t\t\t\t\t\t<span class='e-n-accordion-item-title-icon'>\n\t\t\t<span class='e-opened' ><svg aria-hidden=\"true\" class=\"e-font-icon-svg e-fas-minus\" viewBox=\"0 0 448 512\" xmlns=\"http:\/\/www.w3.org\/2000\/svg\"><path d=\"M416 208H32c-17.67 0-32 14.33-32 32v32c0 17.67 14.33 32 32 32h384c17.67 0 32-14.33 32-32v-32c0-17.67-14.33-32-32-32z\"><\/path><\/svg><\/span>\n\t\t\t<span class='e-closed'><svg aria-hidden=\"true\" class=\"e-font-icon-svg e-fas-plus\" viewBox=\"0 0 448 512\" xmlns=\"http:\/\/www.w3.org\/2000\/svg\"><path d=\"M416 208H272V64c0-17.67-14.33-32-32-32h-32c-17.67 0-32 14.33-32 32v144H32c-17.67 0-32 14.33-32 32v32c0 17.67 14.33 32 32 32h144v144c0 17.67 14.33 32 32 32h32c17.67 0 32-14.33 32-32V304h144c17.67 0 32-14.33 32-32v-32c0-17.67-14.33-32-32-32z\"><\/path><\/svg><\/span>\n\t\t<\/span>\n\n\t\t\t\t\t\t<\/summary>\n\t\t\t\t<div role=\"region\" aria-labelledby=\"e-n-accordion-item-2061\" class=\"elementor-element elementor-element-00c5d90 e-con-full e-flex e-con e-child\" data-id=\"00c5d90\" data-element_type=\"container\">\n\t\t\t\t<div class=\"elementor-element elementor-element-08ab9b8 elementor-widget elementor-widget-text-editor\" data-id=\"08ab9b8\" data-element_type=\"widget\" data-widget_type=\"text-editor.default\">\n\t\t\t\t<div class=\"elementor-widget-container\">\n\t\t\t\t\t\t\t\t\t<p>Pr\u00f2xim al modernisme, des del principi de la seua traject\u00f2ria com a artista a finals del segle XIX, va conrear una gran varietat de g\u00e8neres:<\/p><p>\u2013 Paisatges<br>\u2013 Retrats<\/p><p>\u2013 Autoretrat<br>\u2013 Natura morta<\/p><p>\u2013 Flors<br>\u2013 Escenes costumistes<\/p><p>\u2013 Tipus populars<br>\u2013 Interiors<\/p><p>\u2013 Realisme social<br>\u2013 Religi\u00f3s<\/p><p>\u2013 Nu<br>\u2013 Simbolisme<\/p><p>Tots ells amb igual domini t\u00e8cnic i expressiu.<\/p>\t\t\t\t\t\t\t\t<\/div>\n\t\t\t\t<\/div>\n\t\t\t\t<\/div>\n\t\t\t\t\t<\/details>\n\t\t\t\t\t\t<details id=\"e-n-accordion-item-2062\" class=\"e-n-accordion-item\" >\n\t\t\t\t<summary class=\"e-n-accordion-item-title\" data-accordion-index=\"3\" tabindex=\"-1\" aria-expanded=\"false\" aria-controls=\"e-n-accordion-item-2062\" >\n\t\t\t\t\t<span class='e-n-accordion-item-title-header'><div class=\"e-n-accordion-item-title-text\"> Reconeixements <\/div><\/span>\n\t\t\t\t\t\t\t<span class='e-n-accordion-item-title-icon'>\n\t\t\t<span class='e-opened' ><svg aria-hidden=\"true\" class=\"e-font-icon-svg e-fas-minus\" viewBox=\"0 0 448 512\" xmlns=\"http:\/\/www.w3.org\/2000\/svg\"><path d=\"M416 208H32c-17.67 0-32 14.33-32 32v32c0 17.67 14.33 32 32 32h384c17.67 0 32-14.33 32-32v-32c0-17.67-14.33-32-32-32z\"><\/path><\/svg><\/span>\n\t\t\t<span class='e-closed'><svg aria-hidden=\"true\" class=\"e-font-icon-svg e-fas-plus\" viewBox=\"0 0 448 512\" xmlns=\"http:\/\/www.w3.org\/2000\/svg\"><path d=\"M416 208H272V64c0-17.67-14.33-32-32-32h-32c-17.67 0-32 14.33-32 32v144H32c-17.67 0-32 14.33-32 32v32c0 17.67 14.33 32 32 32h144v144c0 17.67 14.33 32 32 32h32c17.67 0 32-14.33 32-32V304h144c17.67 0 32-14.33 32-32v-32c0-17.67-14.33-32-32-32z\"><\/path><\/svg><\/span>\n\t\t<\/span>\n\n\t\t\t\t\t\t<\/summary>\n\t\t\t\t<div role=\"region\" aria-labelledby=\"e-n-accordion-item-2062\" class=\"elementor-element elementor-element-1c2aaab e-con-full e-flex e-con e-child\" data-id=\"1c2aaab\" data-element_type=\"container\">\n\t\t\t\t<div class=\"elementor-element elementor-element-c61cd41 elementor-widget elementor-widget-text-editor\" data-id=\"c61cd41\" data-element_type=\"widget\" data-widget_type=\"text-editor.default\">\n\t\t\t\t<div class=\"elementor-widget-container\">\n\t\t\t\t\t\t\t\t\t<p>Va obtindre nombrosos reconeixements, com les medalles de plata en les Exposicions Nacionals de 1890 i 1892 per \u201cHu\u00e9rfanos\u201d i \u201cTierra\u201d, i la d\u2019or en 1906 per \u201cAl abismo\u201d.<\/p><p>El seu \u00e8xit internacional tamb\u00e9 va ser reconegut amb la medalla de bronze en l\u2019Exposici\u00f3 Universal de Par\u00eds de 1900 per \u201cMors in vita\u201d i amb la medalla d\u2019or en l\u2019Exposici\u00f3 de San Francisco de 1915 per \u201cEl santo del abuelo\u201d.<\/p><p>La ciutat d\u2019Alcoi i la prov\u00edncia d\u2019Alacant van recon\u00e9ixer els seus m\u00e8rits nomenant-lo, en 1926, Fill Preclar de la Prov\u00edncia d\u2019Alacant per la Diputaci\u00f3, Fill Adoptiu per l\u2019Ajuntament d\u2019Alacant i Fill Predilecte per la ciutat d\u2019Alcoi.<\/p>\t\t\t\t\t\t\t\t<\/div>\n\t\t\t\t<\/div>\n\t\t\t\t<\/div>\n\t\t\t\t\t<\/details>\n\t\t\t\t\t\t<details id=\"e-n-accordion-item-2063\" class=\"e-n-accordion-item\" >\n\t\t\t\t<summary class=\"e-n-accordion-item-title\" data-accordion-index=\"4\" tabindex=\"-1\" aria-expanded=\"false\" aria-controls=\"e-n-accordion-item-2063\" >\n\t\t\t\t\t<span class='e-n-accordion-item-title-header'><div class=\"e-n-accordion-item-title-text\"> El seu vincle amb Alcoi <\/div><\/span>\n\t\t\t\t\t\t\t<span class='e-n-accordion-item-title-icon'>\n\t\t\t<span class='e-opened' ><svg aria-hidden=\"true\" class=\"e-font-icon-svg e-fas-minus\" viewBox=\"0 0 448 512\" xmlns=\"http:\/\/www.w3.org\/2000\/svg\"><path d=\"M416 208H32c-17.67 0-32 14.33-32 32v32c0 17.67 14.33 32 32 32h384c17.67 0 32-14.33 32-32v-32c0-17.67-14.33-32-32-32z\"><\/path><\/svg><\/span>\n\t\t\t<span class='e-closed'><svg aria-hidden=\"true\" class=\"e-font-icon-svg e-fas-plus\" viewBox=\"0 0 448 512\" xmlns=\"http:\/\/www.w3.org\/2000\/svg\"><path d=\"M416 208H272V64c0-17.67-14.33-32-32-32h-32c-17.67 0-32 14.33-32 32v144H32c-17.67 0-32 14.33-32 32v32c0 17.67 14.33 32 32 32h144v144c0 17.67 14.33 32 32 32h32c17.67 0 32-14.33 32-32V304h144c17.67 0 32-14.33 32-32v-32c0-17.67-14.33-32-32-32z\"><\/path><\/svg><\/span>\n\t\t<\/span>\n\n\t\t\t\t\t\t<\/summary>\n\t\t\t\t<div role=\"region\" aria-labelledby=\"e-n-accordion-item-2063\" class=\"elementor-element elementor-element-3914e68 e-con-full e-flex e-con e-child\" data-id=\"3914e68\" data-element_type=\"container\">\n\t\t\t\t<div class=\"elementor-element elementor-element-ffaea10 elementor-widget elementor-widget-text-editor\" data-id=\"ffaea10\" data-element_type=\"widget\" data-widget_type=\"text-editor.default\">\n\t\t\t\t<div class=\"elementor-widget-container\">\n\t\t\t\t\t\t\t\t\t<p>A difer\u00e8ncia d\u2019altres artistes de la seua \u00e8poca, despr\u00e9s dels seus per\u00edodes de formaci\u00f3 finalitzats en 1894, va fixar la seua resid\u00e8ncia definitiva a Alcoi.<\/p><p>Va ser catedr\u00e0tic de dibuix a l\u2019Escola d\u2019Arts i Oficis d\u2019Alcoi, impulsor de joves artistes i va exercir un paper clau en la vida cultural de la ciutat com a assessor art\u00edstic en diverses entitats.<\/p><p>Va ser president de l\u2019Associaci\u00f3 de Sant Jordi, del Cercle Industrial i de la Societat de Concerts, dissenyador de vestits festius i col\u00b7laborador habitual en obres modernistes al costat de l\u2019arquitecte Vicent Pascual.<\/p><p>El seu estudi a la Casa del Pav\u00f3, edifici que ell mateix va ajudar a dissenyar, es va convertir en un espai cultural de refer\u00e8ncia, on se celebraven concerts, recitals, classes i trobades art\u00edstiques.<\/p>\t\t\t\t\t\t\t\t<\/div>\n\t\t\t\t<\/div>\n\t\t\t\t<\/div>\n\t\t\t\t\t<\/details>\n\t\t\t\t\t<\/div>\n\t\t\t\t\t\t<\/div>\n\t\t\t\t<\/div>\n\t\t\t\t\t<\/div>\n\t\t<\/div>\n\t\t\t\t\t<\/div>\n\t\t<\/section>\n\t\t\t\t\t<\/div>\n\t\t<\/div>\n\t\t\t\t\t<\/div>\n\t\t<\/section>\n\t\t<div class=\"elementor-element elementor-element-29ec9762 e-flex e-con-boxed e-con e-parent\" data-id=\"29ec9762\" data-element_type=\"container\" data-settings=\"{&quot;background_background&quot;:&quot;classic&quot;}\">\n\t\t\t\t\t<div class=\"e-con-inner\">\n\t\t<div class=\"elementor-element elementor-element-7c33d9d0 e-con-full e-flex e-con e-child\" data-id=\"7c33d9d0\" data-element_type=\"container\" data-settings=\"{&quot;background_background&quot;:&quot;classic&quot;}\">\n\t\t\t\t<div class=\"elementor-element elementor-element-7ef00fc0 elementor-align-center elementor-widget elementor-widget-button\" data-id=\"7ef00fc0\" data-element_type=\"widget\" data-widget_type=\"button.default\">\n\t\t\t\t<div class=\"elementor-widget-container\">\n\t\t\t\t\t\t\t\t\t<div class=\"elementor-button-wrapper\">\n\t\t\t\t\t<a class=\"elementor-button elementor-button-link elementor-size-sm\" href=\"https:\/\/fundacioncabreracanto.com\/val\/amics\/\">\n\t\t\t\t\t\t<span class=\"elementor-button-content-wrapper\">\n\t\t\t\t\t\t\t\t\t<span class=\"elementor-button-text\">FES-TE AMIC<\/span>\n\t\t\t\t\t<\/span>\n\t\t\t\t\t<\/a>\n\t\t\t\t<\/div>\n\t\t\t\t\t\t\t\t<\/div>\n\t\t\t\t<\/div>\n\t\t\t\t<div class=\"elementor-element elementor-element-6f355c2b elementor-widget elementor-widget-icon-box\" data-id=\"6f355c2b\" data-element_type=\"widget\" data-widget_type=\"icon-box.default\">\n\t\t\t\t<div class=\"elementor-widget-container\">\n\t\t\t\t\t\t\t<div class=\"elementor-icon-box-wrapper\">\n\n\t\t\t\n\t\t\t\t\t\t<div class=\"elementor-icon-box-content\">\n\n\t\t\t\t\n\t\t\t\t\t\t\t\t\t<p class=\"elementor-icon-box-description\">\n\t\t\t\t\t\tJunts, fem possible que l\u2019obra de Fernando Cabrera Cant\u00f3 continue viva i accessible per a tots.\n\n\t\t\t\t\t<\/p>\n\t\t\t\t\n\t\t\t<\/div>\n\t\t\t\n\t\t<\/div>\n\t\t\t\t\t\t<\/div>\n\t\t\t\t<\/div>\n\t\t\t\t<\/div>\n\t\t\t\t\t<\/div>\n\t\t\t\t<\/div>\n\t\t\t\t<\/div>\n\t\t","protected":false},"excerpt":{"rendered":"<p>Fernando Cabrera Cant\u00f3: una vida dedicada a l\u2019art, la cultura i la seua ciutat Biografia Formaci\u00f3, estil i evoluci\u00f3 Nascut a Alcoi en 1866. Pintor, dibuixant i aquarel\u00b7lista, figura clau de l\u2019escola pict\u00f2rica alcoiana entre els segles XIX i XX. Format inicialment a l\u2019Escola de Sant Carles de Val\u00e8ncia, amb Lorenzo Casanova a Alcoi i [&hellip;]<\/p>\n","protected":false},"author":1,"featured_media":0,"parent":0,"menu_order":0,"comment_status":"closed","ping_status":"closed","template":"","meta":{"give_campaign_id":0,"site-sidebar-layout":"no-sidebar","site-content-layout":"page-builder","ast-site-content-layout":"full-width-container","site-content-style":"unboxed","site-sidebar-style":"unboxed","ast-global-header-display":"","ast-banner-title-visibility":"","ast-main-header-display":"","ast-hfb-above-header-display":"","ast-hfb-below-header-display":"","ast-hfb-mobile-header-display":"","site-post-title":"","ast-breadcrumbs-content":"disabled","ast-featured-img":"disabled","footer-sml-layout":"","theme-transparent-header-meta":"enabled","adv-header-id-meta":"","stick-header-meta":"","header-above-stick-meta":"","header-main-stick-meta":"","header-below-stick-meta":"","astra-migrate-meta-layouts":"default","ast-page-background-enabled":"default","ast-page-background-meta":{"desktop":{"background-color":"","background-image":"","background-repeat":"repeat","background-position":"center center","background-size":"auto","background-attachment":"scroll","background-type":"","background-media":"","overlay-type":"","overlay-color":"","overlay-opacity":"","overlay-gradient":""},"tablet":{"background-color":"","background-image":"","background-repeat":"repeat","background-position":"center center","background-size":"auto","background-attachment":"scroll","background-type":"","background-media":"","overlay-type":"","overlay-color":"","overlay-opacity":"","overlay-gradient":""},"mobile":{"background-color":"","background-image":"","background-repeat":"repeat","background-position":"center center","background-size":"auto","background-attachment":"scroll","background-type":"","background-media":"","overlay-type":"","overlay-color":"","overlay-opacity":"","overlay-gradient":""}},"ast-content-background-meta":{"desktop":{"background-color":"var(--ast-global-color-5)","background-image":"","background-repeat":"repeat","background-position":"center center","background-size":"auto","background-attachment":"scroll","background-type":"","background-media":"","overlay-type":"","overlay-color":"","overlay-opacity":"","overlay-gradient":""},"tablet":{"background-color":"var(--ast-global-color-5)","background-image":"","background-repeat":"repeat","background-position":"center center","background-size":"auto","background-attachment":"scroll","background-type":"","background-media":"","overlay-type":"","overlay-color":"","overlay-opacity":"","overlay-gradient":""},"mobile":{"background-color":"var(--ast-global-color-5)","background-image":"","background-repeat":"repeat","background-position":"center center","background-size":"auto","background-attachment":"scroll","background-type":"","background-media":"","overlay-type":"","overlay-color":"","overlay-opacity":"","overlay-gradient":""}},"footnotes":""},"class_list":["post-2683","page","type-page","status-publish","hentry"],"campaignId":"","_links":{"self":[{"href":"https:\/\/fundacioncabreracanto.com\/val\/wp-json\/wp\/v2\/pages\/2683","targetHints":{"allow":["GET"]}}],"collection":[{"href":"https:\/\/fundacioncabreracanto.com\/val\/wp-json\/wp\/v2\/pages"}],"about":[{"href":"https:\/\/fundacioncabreracanto.com\/val\/wp-json\/wp\/v2\/types\/page"}],"author":[{"embeddable":true,"href":"https:\/\/fundacioncabreracanto.com\/val\/wp-json\/wp\/v2\/users\/1"}],"replies":[{"embeddable":true,"href":"https:\/\/fundacioncabreracanto.com\/val\/wp-json\/wp\/v2\/comments?post=2683"}],"version-history":[{"count":0,"href":"https:\/\/fundacioncabreracanto.com\/val\/wp-json\/wp\/v2\/pages\/2683\/revisions"}],"wp:attachment":[{"href":"https:\/\/fundacioncabreracanto.com\/val\/wp-json\/wp\/v2\/media?parent=2683"}],"curies":[{"name":"wp","href":"https:\/\/api.w.org\/{rel}","templated":true}]}}