{"id":2804,"date":"2025-09-18T15:28:24","date_gmt":"2025-09-18T13:28:24","guid":{"rendered":"https:\/\/fundacioncabreracanto.com\/politica-de-privadesa\/"},"modified":"2025-10-09T15:08:49","modified_gmt":"2025-10-09T15:08:49","slug":"politica-de-privacitat","status":"publish","type":"page","link":"https:\/\/fundacioncabreracanto.com\/val\/politica-de-privacitat\/","title":{"rendered":"Pol\u00edtica de privacitat"},"content":{"rendered":"<h1>Pol\u00edtica de privacitat<\/h1>\n<p>Aquesta Pol\u00edtica de privacitat ha estat desenvolupada tenint en compte el que disposa el Reglament 2016\/679 del Parlament Europeu i del consell del 27 d&#8217;abril de 2016 relatiu a la protecci\u00f3 de les persones f\u00edsiques pel que fa al tractament de dades personals ia la circulaci\u00f3 d&#8217;aquestes dades, en endavant el RGPD, aix\u00ed com a la Llei Org\u00e0nica 3\/2 digitals (en endavant, LOPDGDD) i la resta de normativa aplicable.<\/p>\n<p>Aquesta Pol\u00edtica de privacitat t\u00e9 per objecte posar en coneixement a les persones f\u00edsiques que facilitin les seves dades personals, i\/o les de la persona que representa, respecte dels quals s&#8217;est\u00e0 recollint informaci\u00f3, els aspectes espec\u00edfics relatius al tractament les seves dades, les finalitats dels tractaments, les dades de contacte per exercir els drets que li assisteixen, els terminis de conservaci\u00f3 de la informaci\u00f3 i les mesures de seguretat,<\/p>\n<p><b>QUI \u00c9S EL RESPONSABLE DEL TRACTAMENT?<\/b><\/p>\n<ul>\n<li style=\"font-weight: 400;\" aria-level=\"1\">Identitat del responsable: FUNDACI\u00d3 DE LA COMUNITAT VALENCIANA FERNANDO CABRERA CANT\u00d3<\/li>\n<li style=\"font-weight: 400;\" aria-level=\"1\">NIF: G21694658 <\/li>\n<li style=\"font-weight: 400;\" aria-level=\"1\">Adre\u00e7a f\u00edsica: C\/ SANT NICOLAU, 15, PLANTA 1, 03801, ALCOY\/ALCOI, ALICANTE<\/li>\n<li style=\"font-weight: 400;\" aria-level=\"1\">Correu electr\u00f2nic: info@fundacioncabreracanto.com<\/li>\n<li style=\"font-weight: 400;\" aria-level=\"1\">Tel\u00e8fon: +34 649 91 01 41<\/li>\n<li style=\"font-weight: 400;\" aria-level=\"1\">Dades de car\u00e0cter identificatius.<\/li>\n<li style=\"font-weight: 400;\" aria-level=\"1\">Econ\u00f2mics i Financers.<\/li>\n<\/ul>\n<p><b>\u00bfDE D\u00d3NDE PROCEDEN LOS DATOS PERSONALES?<\/b><\/p>\n<ul>\n<li style=\"font-weight: 400;\" aria-level=\"1\">Contacte: Respondre les sol\u00b7licituds d&#8217;informaci\u00f3 rebudes sobre els productes i serveis que oferim, aix\u00ed com donar resposta a qualsevol altre tipus de pregunta que envi\u00efn els usuaris.<\/li>\n<li style=\"font-weight: 400;\" aria-level=\"1\">Donacions: Gestionar les aportacions econ\u00f2miques realitzades a trav\u00e9s del formulari habilitat per a donacions, aix\u00ed com mantenir informats els donants sobre la destinaci\u00f3 i \u00fas dels fons, garantint en tot moment la correcta gesti\u00f3 administrativa i legal d&#8217;aquestes.<\/li>\n<li style=\"font-weight: 400;\" aria-level=\"1\"><b>Donacions. Compliment d&#8217;obligacions legals i regulat\u00f2ries <\/b>: A t\u00edtol enunciatiu i no limitatiu. Llei General per a la Defensa dels Consumidors i Usuaris, Llei General Tribut\u00e0ria, Llei d&#8217;Impostos de Societats, Llei d&#8217;Auditoria de Comptes, Llei de l&#8217;Impost sobre el Valor Afegit, Codi Civil, Codi de Comer\u00e7, aix\u00ed com l&#8217;exist\u00e8ncia d&#8217;una llei o norma espec\u00edfica que autoritzi o exigeixi el tractament de les dades de l&#8217;interessat, la qual s&#8217;enunciar\u00e0 a la cl\u00e0usula informativa corresponent. <\/li>\n<li aria-level=\"1\"><b>Dret d&#8217;acc\u00e9s<\/b>, dret a sol\u00b7licitar informaci\u00f3 al responsable d&#8217;un fitxer sobre si les vostres dades personals estan sent tractades.<\/li>\n<li style=\"font-weight: 400;\" aria-level=\"1\"><b>Dret de Rectificaci\u00f3<\/b>, dret que permet a la persona afectada sol\u00b7licitar la modificaci\u00f3 de dades que siguin inexactes o incomplets. <\/li>\n<li style=\"font-weight: 400;\" aria-level=\"1\"><b>Dret d&#8217;oposici\u00f3<\/b>, dret d&#8217;una persona a oposar-se al tractament de les dades personals o al cessament d&#8217;aquestes. <\/li>\n<li style=\"font-weight: 400;\" aria-level=\"1\"><b>Dret de Decisions individuals automatitzades<\/b>, dret a no ser objecte d&#8217;una decisi\u00f3 basada \u00fanicament en el tractament automatitzat, inclosa l&#8217;elaboraci\u00f3 de perfils, que hi produeixi efectes jur\u00eddics o l&#8217;afecti significativament de manera similar<\/li>\n<li style=\"font-weight: 400;\" aria-level=\"1\"><b>Dret de Limitaci\u00f3<\/b>, dret a suspendre el tractament de les dades personals de l&#8217;usuari en determinats sup\u00f2sits<\/li>\n<li style=\"font-weight: 400;\" aria-level=\"1\"><b>Dret de Supressi\u00f3 o Oblit,<\/b> dret a supressi\u00f3 de les dades personals de l&#8217;interessat<\/li>\n<li style=\"font-weight: 400;\" aria-level=\"1\"><b>Dret de Portabilitat,<\/b> dret a sol\u00b7licitar al responsable del tractament que se li facilitin les dades personals en un format estructurat i clar a un altre responsable.<\/li>\n<li style=\"font-weight: 400;\" aria-level=\"1\"><b>Dret a presentar una reclamaci\u00f3 <\/b>davant de l&#8217;autoritat de control competent si considera que el tractament no s&#8217;ajusta a la normativa vigent.<\/li>\n<li style=\"font-weight: 400;\" aria-level=\"1\">Email a info@fundacioncabreracanto.com.<\/li>\n<li style=\"font-weight: 400;\" aria-level=\"1\"><b>Correu postal<\/b> a C\/ SANT NICOLAU, 15, PLANTA 1, 03801, ALCOY\/ALCOI, ALICANTE.<\/li>\n<li style=\"font-weight: 400;\" aria-level=\"1\">Garantir la confidencialitat, integritat, disponibilitat i resili\u00e8ncia permanents dels sistemes i serveis de tractament.<\/li>\n<li style=\"font-weight: 400;\" aria-level=\"1\">Restaurar la disponibilitat i l&#8217;acc\u00e9s a les dades personals de manera r\u00e0pida, en cas d&#8217;incident f\u00edsic o t\u00e8cnic.<\/li>\n<li style=\"font-weight: 400;\" aria-level=\"1\">Verificar, avaluar i valorar, de manera regular, l&#8217;efic\u00e0cia de les mesures t\u00e8cniques i organitzatives implantades per garantir la seguretat del tractament.<\/li>\n<li style=\"font-weight: 400;\" aria-level=\"1\">Possibilitar el xifratge de dades i comunicacions.<\/li>\n<\/ul>\n<p>En termes de protecci\u00f3 de dades, FUNDACI\u00d3 DE LA COMUNITAT VALENCIANA FERNANDO CABRERA CANT\u00d3 ha de ser considerat Responsable del Tractament, en relaci\u00f3 amb els tractaments de dades de car\u00e0cter personal realitzats per aquesta entitat.<\/p>\n<p>A continuaci\u00f3, s&#8217;indiquen les dades de contacte del Responsable del Tractament:<\/p>\n<p><b>QUINES DADES PERSONALS TRACTEM?<\/b><\/p>\n<p>Tota la informaci\u00f3 recollida per part de FUNDACI\u00d3 DE LA COMUNITAT VALENCIANA FERNANDO CABRERA CANT\u00d3 ser\u00e0 tractada de forma lleial, l\u00edcita i transparent.<\/p>\n<p>Aix\u00ed mateix, les dades sol\u00b7licitades a cadascun dels tractaments realitzats consistiran \u00fanicament en aquells estrictament imprescindibles per realitzar la finalitat pretesa i informada en cada cas.<\/p>\n<p>D&#8217;aquesta manera, les vostres dades recollides seran adequades, pertinents i no excessives en relaci\u00f3 amb les finalitats per a les quals s\u00f3n tractades en cada cas. Aix\u00ed mateix, les seves dades personals seran recollides per a finalitats determinades expl\u00edcites i leg\u00edtimes, i no seran tractades ulteriorment de manera incompatible amb aquests fins. A m\u00e9s, seran actualitzats sempre que sigui necessari.   <\/p>\n<p>En termes generals, en el marc dels diferents tractaments d&#8217;activitats realitzades a l&#8217;organitzaci\u00f3, es recullen els tipus seg\u00fcents: <\/p>\n<p>Per regla general, les dades personals es recullen sempre directament del seu titular, no obstant aix\u00f2, en determinades excepcions, les dades poden ser recollides a trav\u00e9s de terceres persones, entitats o serveis diferents de l&#8217;interessat. <\/p>\n<p>En aquest sentit, aquest extrem ser\u00e0 informat a linteressat a trav\u00e9s de les cl\u00e0usules informatives contingudes en les diferents vies de recollida dinformaci\u00f3 i dins un termini raonable o en la primera comunicaci\u00f3 realitzada a linteressat.<\/p>\n<p><b>AMB QUINA FINALITAT TRACTEM LES DADES PERSONALS?<\/b><\/p>\n<p>En termes generals, es tracten les dades personals amb les finalitats seg\u00fcents:<\/p>\n<p>Mitjan\u00e7ant aquests tractaments, no s&#8217;elaboren perfils dels usuaris que naveguen a trav\u00e9s del web ni, per tant, es prenen decisions automatitzades basades en aquestes dades.<\/p>\n<p><b>QUINA \u00c9S LA LEGITIMACI\u00d3 PER AL TRACTAMENT DE LES DADES?<\/b><\/p>\n<p>Per regla general, el consentiment de linteressat \u00e9s la base jur\u00eddica per al tractament de les dades dacord amb les finalitats anteriorment descrites. Aquest consentiment es manifesta mitjan\u00e7ant una declaraci\u00f3 o una clara acci\u00f3 afirmativa, com ara el marcatge d&#8217;una casella disposada a aquest efecte, la subscripci\u00f3 volunt\u00e0ria o mitjan\u00e7ant l&#8217;enviament de dades a trav\u00e9s dels formularis. Aquest consentiment pot ser revocat en qualsevol moment dirigint-te a la companyia a trav\u00e9s dels seus mitjans de contacte i, amb car\u00e0cter general, sol\u00b7licitarem el teu consentiment per a usos amb fins diferents d&#8217;aquells per als quals els vas atorgar inicialment  <\/p>\n<p>Espec\u00edficament i per als tractaments indicats a continuaci\u00f3, s&#8217;utilitzen les bases legitimadores seg\u00fcents:<\/p>\n<p><b>DURANT QUANT TEMPS CONSERVEM LES DADES PERSONALS?<\/b><\/p>\n<p>Amb car\u00e0cter general, es tracten les dades personals durant el temps necessari per complir amb la finalitat per a la qual van ser recollides, mentre es mantingui la prestaci\u00f3 del servei o la relaci\u00f3 contractual, hi hagi un inter\u00e8s mutu i\/o durant el temps previst a la normativa corresponent.<\/p>\n<p>Complerts els criteris de terminis establerts, les dades seran cancel\u00b7lades. Aquesta cancel\u00b7laci\u00f3 donar\u00e0 lloc al bloqueig de les dades conservant-se \u00fanicament a disposici\u00f3 de les administracions p\u00fabliques, jutges i tribunals, per atendre les possibles responsabilitats nascudes del tractament, durant el termini de prescripci\u00f3 d&#8217;aquestes, complert el termini esmentat es procedir\u00e0 a la destrucci\u00f3 de la informaci\u00f3. <\/p>\n<p><b>AMB QUI COMPARTIM LES DADES PERSONALS?<\/b><\/p>\n<p>Per regla general, no es produeix cap cessi\u00f3 o comunicaci\u00f3 de les seves dades a terceres entitats, llevat de les requerides legalment.<\/p>\n<p>Aix\u00f2 no obstant, en cas que fos necessari, aquestes cessions o comunicacions de dades s&#8217;informen a l&#8217;interessat a trav\u00e9s de les cl\u00e0usules informatives contingudes a les diferents vies de recollida de dades personals.<\/p>\n<p><b>ES REALITZEN TRANSFER\u00c8NCIES INTERNACIONALS DE DADES?<\/b><\/p>\n<p>Us informem que, amb car\u00e0cter general, no es realitzen transfer\u00e8ncies internacionals fora de l&#8217;Espai Econ\u00f2mic Europeu (EEE). En cas que es produ\u00eds una transfer\u00e8ncia de dades fora de l&#8217;EEE, L&#8217;ORGANITZACI\u00d3 disposar\u00e0 de les garanties adequades per fer aquesta transfer\u00e8ncia, en virtut dels requeriments que estableix el Reglament General de Protecci\u00f3 de Dades. <\/p>\n<p><b>QUINS DRETS POTS EXERCIR?<\/b><\/p>\n<p>Segons la normativa europea els drets que us assisteixen s\u00f3n els seg\u00fcents:<\/p>\n<p><b>COM EXERCIR ELS TEUS DRETS?<\/b><\/p>\n<p>El solicitante puede ejercer sus derechos a trav\u00e9s de los siguientes medios: <\/p>\n<p>En tots dos casos, en cas necessari es podr\u00e0 requerir documentaci\u00f3 que acrediti la identitat del sol\u00b7licitant.<\/p>\n<p>En qualsevol cas, podeu sol\u00b7licitar la tutela de l&#8217;Ag\u00e8ncia Espanyola de Protecci\u00f3 de Dades a trav\u00e9s de la seva <a href=\"http:\/\/www.aepd.es\"><br \/>\n  p\u00e0gina web<br \/>\n<\/a>.<\/p>\n<p>En aquest sentit, s&#8217;atendr\u00e0 la seva sol\u00b7licitud com m\u00e9s aviat millor i tenint en compte els terminis previstos a la normativa en mat\u00e8ria de protecci\u00f3 de dades.<\/p>\n<p><b>QUINES PODRIEN SER LES CONSEQ\u00dc\u00c8NCIES DE NO FACILITAR LA INFORMACI\u00d3?<\/b><\/p>\n<p>Les dades sol\u00b7licitades en els camps establerts marcades amb un asterisc, o identificades com a obligatori, o les proporcionades als mitjans on es presta la informaci\u00f3, s\u00f3n aquelles estrictament necess\u00e0ries en relaci\u00f3 amb la finalitat per a la qual es demanen, o b\u00e9 per a la prestaci\u00f3 d&#8217;un servei \u00f2ptim a l&#8217;interessat o mitjan\u00e7ant una obligaci\u00f3 legal imposada al mateix responsable del tractament o un requisit necessari per a la seva inscripci\u00f3.<\/p>\n<p>En cas que no siguin facilitades totes les dades, no es garanteix que la informaci\u00f3 i els serveis facilitats siguin completament ajustats a les seves necessitats. <\/p>\n<p>Per tant, en el cas que no es facilitin les dades exigides o es realitzi de forma err\u00f2nia o incompleta, no es podr\u00e0 atendre la seva sol\u00b7licitud, resultant del tot impossible proporcionar-li la informaci\u00f3 sol\u00b7licitada o dur a terme la contractaci\u00f3 dels serveis.<\/p>\n<p>De la mateixa manera, l&#8217;usuari garanteix que la informaci\u00f3 transmesa a qualsevol dels formularis \u00e9s vera\u00e7, exacta i es correspon amb dades pr\u00f2pies de les quals \u00e9s titular. <\/p>\n<p>Els serveis de les nostres plataformes no estan previstos per a menors d&#8217;edat, per la qual cosa nom\u00e9s es permet el registre de persones majors de 18 anys, en cas contrari s&#8217;adverteix que les possibles responsabilitats que es puguin meritar com a conseq\u00fc\u00e8ncia de l&#8217;\u00fas de les nostres Plataformes seran a compte dels pares o tutors del menor. Per evitar l&#8217;\u00fas dels nostres serveis per menors d&#8217;edat, tractem de verificar l&#8217;edat dels nostres usuaris quan formalitzen el registre mitjan\u00e7ant la sol\u00b7licitud de la data de naixement.  <\/p>\n<p><b>QUINES MESURES DE SEGURETAT TENIM IMPLANTADES?<\/b><\/p>\n<p>Les mesures de seguretat adoptades per FUNDACI\u00d3 DE LA COMUNITAT VALENCIANA FERNANDO CABRERA CANT\u00d3 s\u00f3n aquelles requerides, de conformitat amb all\u00f2 establert a l&#8217;article 32 del RGPD. <\/p>\n<p>En aquest sentit, tenint en compte l&#8217;estat de la t\u00e8cnica, els costos d&#8217;aplicaci\u00f3 i la naturalesa, l&#8217;abast, el context i les finalitats del tractament, aix\u00ed com els riscos de probabilitat i gravetat variables per als drets i les llibertats de les persones f\u00edsiques, es tenen establertes les mesures t\u00e8cniques i organitzatives apropiades per garantir el nivell de seguretat adequat al risc existent.<\/p>\n<p>En tot cas, FUNDACI\u00d3 DE LA COMUNITAT VALENCIANA FERNANDO CABRERA CANT\u00d3 t\u00e9 implementats els mecanismes suficients per a:<\/p>\n<p><b>CANVIS EN AQUESTA POL\u00cdTICA DE PRIVACITAT<\/b><\/p>\n<p>Eventualment, aquesta Pol\u00edtica de Privadesa pot ser revisada per tal d&#8217;actualitzar els canvis a la legislaci\u00f3 vigent, actualitzar els procediments de recollida i \u00fas de la informaci\u00f3 de car\u00e0cter personal, l&#8217;aparici\u00f3 de nous serveis o l&#8217;exclusi\u00f3 d&#8217;altres. Aquests canvis seran vigents a partir de la seva publicaci\u00f3 a la web, per la qual cosa \u00e9s important que revisis regularment aquesta Pol\u00edtica de Privadesa per tal de romandre informat sobre els canvis que hi ha hagut. <\/p>\n","protected":false},"excerpt":{"rendered":"<p>Pol\u00edtica de privacitat Aquesta Pol\u00edtica de privacitat ha estat desenvolupada tenint en compte el que disposa el Reglament 2016\/679 del Parlament Europeu i del consell del 27 d&#8217;abril de 2016 relatiu a la protecci\u00f3 de les persones f\u00edsiques pel que fa al tractament de dades personals ia la circulaci\u00f3 d&#8217;aquestes dades, en endavant el RGPD, [&hellip;]<\/p>\n","protected":false},"author":1,"featured_media":0,"parent":0,"menu_order":0,"comment_status":"closed","ping_status":"closed","template":"","meta":{"give_campaign_id":0,"site-sidebar-layout":"no-sidebar","site-content-layout":"page-builder","ast-site-content-layout":"full-width-container","site-content-style":"default","site-sidebar-style":"default","ast-global-header-display":"","ast-banner-title-visibility":"","ast-main-header-display":"","ast-hfb-above-header-display":"","ast-hfb-below-header-display":"","ast-hfb-mobile-header-display":"","site-post-title":"disabled","ast-breadcrumbs-content":"","ast-featured-img":"disabled","footer-sml-layout":"","theme-transparent-header-meta":"disabled","adv-header-id-meta":"","stick-header-meta":"disabled","header-above-stick-meta":"","header-main-stick-meta":"","header-below-stick-meta":"","astra-migrate-meta-layouts":"default","ast-page-background-enabled":"default","ast-page-background-meta":{"desktop":{"background-color":"","background-image":"","background-repeat":"repeat","background-position":"center center","background-size":"auto","background-attachment":"scroll","background-type":"","background-media":"","overlay-type":"","overlay-color":"","overlay-opacity":"","overlay-gradient":""},"tablet":{"background-color":"","background-image":"","background-repeat":"repeat","background-position":"center center","background-size":"auto","background-attachment":"scroll","background-type":"","background-media":"","overlay-type":"","overlay-color":"","overlay-opacity":"","overlay-gradient":""},"mobile":{"background-color":"","background-image":"","background-repeat":"repeat","background-position":"center center","background-size":"auto","background-attachment":"scroll","background-type":"","background-media":"","overlay-type":"","overlay-color":"","overlay-opacity":"","overlay-gradient":""}},"ast-content-background-meta":{"desktop":{"background-color":"var(--ast-global-color-5)","background-image":"","background-repeat":"repeat","background-position":"center center","background-size":"auto","background-attachment":"scroll","background-type":"","background-media":"","overlay-type":"","overlay-color":"","overlay-opacity":"","overlay-gradient":""},"tablet":{"background-color":"var(--ast-global-color-5)","background-image":"","background-repeat":"repeat","background-position":"center center","background-size":"auto","background-attachment":"scroll","background-type":"","background-media":"","overlay-type":"","overlay-color":"","overlay-opacity":"","overlay-gradient":""},"mobile":{"background-color":"var(--ast-global-color-5)","background-image":"","background-repeat":"repeat","background-position":"center center","background-size":"auto","background-attachment":"scroll","background-type":"","background-media":"","overlay-type":"","overlay-color":"","overlay-opacity":"","overlay-gradient":""}},"footnotes":""},"class_list":["post-2804","page","type-page","status-publish","hentry"],"campaignId":"","_links":{"self":[{"href":"https:\/\/fundacioncabreracanto.com\/val\/wp-json\/wp\/v2\/pages\/2804","targetHints":{"allow":["GET"]}}],"collection":[{"href":"https:\/\/fundacioncabreracanto.com\/val\/wp-json\/wp\/v2\/pages"}],"about":[{"href":"https:\/\/fundacioncabreracanto.com\/val\/wp-json\/wp\/v2\/types\/page"}],"author":[{"embeddable":true,"href":"https:\/\/fundacioncabreracanto.com\/val\/wp-json\/wp\/v2\/users\/1"}],"replies":[{"embeddable":true,"href":"https:\/\/fundacioncabreracanto.com\/val\/wp-json\/wp\/v2\/comments?post=2804"}],"version-history":[{"count":0,"href":"https:\/\/fundacioncabreracanto.com\/val\/wp-json\/wp\/v2\/pages\/2804\/revisions"}],"wp:attachment":[{"href":"https:\/\/fundacioncabreracanto.com\/val\/wp-json\/wp\/v2\/media?parent=2804"}],"curies":[{"name":"wp","href":"https:\/\/api.w.org\/{rel}","templated":true}]}}